{"id":918,"date":"2016-09-29T09:20:45","date_gmt":"2016-09-29T09:20:45","guid":{"rendered":"https:\/\/www.aeim.org\/?page_id=918"},"modified":"2024-09-10T23:48:31","modified_gmt":"2024-09-10T23:48:31","slug":"la-madera-informacion-basica","status":"publish","type":"page","link":"https:\/\/www.aeim.org\/index.php\/la-madera-informacion-basica\/","title":{"rendered":"La madera: informaci\u00f3n pr\u00e1ctica"},"content":{"rendered":"<div class=\"fusion-fullwidth fullwidth-box fusion-builder-row-1 fusion-flex-container nonhundred-percent-fullwidth non-hundred-percent-height-scrolling\" style=\"--awb-border-radius-top-left:0px;--awb-border-radius-top-right:0px;--awb-border-radius-bottom-right:0px;--awb-border-radius-bottom-left:0px;--awb-flex-wrap:wrap;\" ><div class=\"fusion-builder-row fusion-row fusion-flex-align-items-flex-start fusion-flex-content-wrap\" style=\"max-width:1331.2px;margin-left: calc(-4% \/ 2 );margin-right: calc(-4% \/ 2 );\"><div class=\"fusion-layout-column fusion_builder_column fusion-builder-column-0 fusion_builder_column_1_1 1_1 fusion-flex-column\" style=\"--awb-bg-size:cover;--awb-width-large:100%;--awb-margin-top-large:0px;--awb-spacing-right-large:1.92%;--awb-margin-bottom-large:0px;--awb-spacing-left-large:1.92%;--awb-width-medium:100%;--awb-spacing-right-medium:1.92%;--awb-spacing-left-medium:1.92%;--awb-width-small:100%;--awb-spacing-right-small:1.92%;--awb-spacing-left-small:1.92%;\"><div class=\"fusion-column-wrapper fusion-flex-justify-content-flex-start fusion-content-layout-column\"><div class=\"fusion-text fusion-text-1\"><p>La madera puede contener una serie de particularidades o estar afectada de unas anomal\u00edas que modifican su comportamiento. Estas caracter\u00edsticas, que figuran a continuaci\u00f3n se refieren principalmente a maderas de con\u00edferas. Si bien hay algunas de ellas que se aplican tambi\u00e9n a las maderas de frondosas y algunas de ellas incluso a las tropicales.<\/p>\n<p>Las principales particularidades y anomal\u00edas son las siguientes:<\/p>\n<h3>Los nudos<\/h3>\n<div id=\"attachment_921\" style=\"width: 130px\" class=\"wp-caption alignright\"><img decoding=\"async\" aria-describedby=\"caption-attachment-921\" class=\"lazyload size-full wp-image-921\" style=\"margin-left: 30px;\" src=\"data:image\/svg+xml,%3Csvg%20xmlns%3D%27http%3A%2F%2Fwww.w3.org%2F2000%2Fsvg%27%20width%3D%27120%27%20height%3D%27281%27%20viewBox%3D%270%200%20120%20281%27%3E%3Crect%20width%3D%27120%27%20height%3D%27281%27%20fill-opacity%3D%220%22%2F%3E%3C%2Fsvg%3E\" data-orig-src=\"https:\/\/www.aeim.org\/wp-content\/uploads\/2016\/09\/nudo-sano.jpg\" alt=\"Nudo sano\" width=\"120\" height=\"281\" \/><p id=\"caption-attachment-921\" class=\"wp-caption-text\">Nudo sano<\/p><\/div>\n<p>Los nudos son las ramas del \u00e1rbol, no son \u00a0en s\u00ed un defecto, pues las ramas son necesarias, pero modifican las caracter\u00edsticas de la madera, tanto en su aspecto, como \u00a0en su resistencia y transformaci\u00f3n.<\/p>\n<p>Los nudos se pueden clasificar de la siguiente forma:<\/p>\n<ul>\n<li>Por el estado del nudo: Nudo sano y adherente; Nudo negro; Nudo saltadizo; Nudo vicioso o podrido.<\/li>\n<li>Por el tama\u00f1o de los nudos: Nudo en ojo de perdiz (&lt;5mm); Nudo peque\u00f1o (entre 5mm y 15mm); Nudo mediano (entre 15mm y 25 mm); Nudo grande (entre 25mm y 40mm); Nudo muy grande (&gt;40mm).<\/li>\n<li>Por la forma de los nudos: Nudo en espiga; Nudo redondo o circular; Nudo oval.<\/li>\n<\/ul>\n<h3>La m\u00e9dula<\/h3>\n<p><img decoding=\"async\" class=\"lazyload size-full wp-image-925 alignright\" style=\"margin-left: 30px;\" src=\"data:image\/svg+xml,%3Csvg%20xmlns%3D%27http%3A%2F%2Fwww.w3.org%2F2000%2Fsvg%27%20width%3D%27193%27%20height%3D%2788%27%20viewBox%3D%270%200%20193%2088%27%3E%3Crect%20width%3D%27193%27%20height%3D%2788%27%20fill-opacity%3D%220%22%2F%3E%3C%2Fsvg%3E\" data-orig-src=\"https:\/\/www.aeim.org\/wp-content\/uploads\/2016\/09\/medula.gif\" alt=\"M\u00e9dula\" width=\"193\" height=\"88\" \/><\/p>\n<p>Al igual que en el caso anterior, la m\u00e9dula en el \u00e1rbol no es un defecto sino que es un elemento anat\u00f3mico\u00a0caracter\u00edstico.\u00a0 La consideraci\u00f3n de defecto, es debido a que su constituci\u00f3n es totalmente diferente a la de la madera, presentando unas caracter\u00edsticas de blandura, escasa resistencia y color, que hacen depreciar las piezas que lo contienen.<\/p>\n<p>El tama\u00f1o de la m\u00e9dula, oscila normalmente entre 1 y 2 mm, con secci\u00f3n en forma circular, poligonal o estrellada.<\/p>\n<h3>Madera de coraz\u00f3n<strong><br \/>\n<\/strong><\/h3>\n<p>En un gran n\u00famero de especies, la madera formada con unos a\u00f1os de antelaci\u00f3n, sufre unos fen\u00f3menos denominados de duraminizaci\u00f3n, que determinan, como principal efecto, el cambio de color, hacia tonalidades mas oscuras, pero tambi\u00e9n se producen otros cambios, entre los que destaca la p\u00e9rdida en el contenido de humedad, la merma de sus cualidades de permeabilidad y el incremento del contenido en resinas, grasas, taninos y otras sustancias extra\u00edbles.<\/p>\n<h3>Gemas<\/h3>\n<p><img decoding=\"async\" class=\"lazyload alignright size-full wp-image-933\" style=\"margin-left: 30px;\" src=\"data:image\/svg+xml,%3Csvg%20xmlns%3D%27http%3A%2F%2Fwww.w3.org%2F2000%2Fsvg%27%20width%3D%27130%27%20height%3D%27175%27%20viewBox%3D%270%200%20130%20175%27%3E%3Crect%20width%3D%27130%27%20height%3D%27175%27%20fill-opacity%3D%220%22%2F%3E%3C%2Fsvg%3E\" data-orig-src=\"https:\/\/www.aeim.org\/wp-content\/uploads\/2016\/09\/gemas.jpg\" alt=\"Gema\" width=\"130\" height=\"175\" \/>La gema es un defecto caracter\u00edstico del aserrado, por el que la pieza de madera aserrada presenta en alguna de sus aristas rastros de corteza, dejando ver claramente la secci\u00f3n circular del fuste.<\/p>\n<p>La aparici\u00f3n de gemas suele ser frecuente en \u00e1rboles curvados, en donde el aserrador no puede ajustar el corte en direcci\u00f3n de la fibra a la forma del \u00e1rbol. Tambi\u00e9n surge\u00a0 cuando se trata de ajustar una determinada medida a la pieza resultante<\/p>\n<p><strong>Entrecasco<\/strong><\/p>\n<p>Una particularidad es el entrecasco, que es corteza incluida dentro de la madera debida a bifurcaciones u otras causas.<\/p>\n<h3>Fibra inclinada<strong><br \/>\n<\/strong><\/h3>\n<p>Esta anomal\u00eda se caracteriza porque la fibra de la madera se orientade\u00a0 forma inclinada respecto de la arista del canto con un mayor o menor \u00e1ngulo .<\/p>\n<h2><img decoding=\"async\" class=\"lazyload alignright size-full wp-image-941\" src=\"data:image\/svg+xml,%3Csvg%20xmlns%3D%27http%3A%2F%2Fwww.w3.org%2F2000%2Fsvg%27%20width%3D%27120%27%20height%3D%27207%27%20viewBox%3D%270%200%20120%20207%27%3E%3Crect%20width%3D%27120%27%20height%3D%27207%27%20fill-opacity%3D%220%22%2F%3E%3C%2Fsvg%3E\" data-orig-src=\"https:\/\/www.aeim.org\/wp-content\/uploads\/2016\/09\/madera-compresion.jpg\" alt=\"madera-compresion\" width=\"120\" height=\"207\" \/><\/h2>\n<h2><img decoding=\"async\" class=\"lazyload size-full wp-image-935 alignnone\" style=\"font-size: 16px;\" src=\"https:\/\/www.aeim.org\/wp-content\/uploads\/2016\/09\/fibra-inclinada.jpg\" data-orig-src=\"https:\/\/www.aeim.org\/wp-content\/uploads\/2016\/09\/fibra-inclinada.jpg\" alt=\"fibra-inclinada\" width=\"300\" height=\"108\" srcset=\"data:image\/svg+xml,%3Csvg%20xmlns%3D%27http%3A%2F%2Fwww.w3.org%2F2000%2Fsvg%27%20width%3D%27300%27%20height%3D%27108%27%20viewBox%3D%270%200%20300%20108%27%3E%3Crect%20width%3D%27300%27%20height%3D%27108%27%20fill-opacity%3D%220%22%2F%3E%3C%2Fsvg%3E\" data-srcset=\"https:\/\/www.aeim.org\/wp-content\/uploads\/2016\/09\/fibra-inclinada-200x72.jpg 200w, https:\/\/www.aeim.org\/wp-content\/uploads\/2016\/09\/fibra-inclinada.jpg 300w\" data-sizes=\"auto\" data-orig-sizes=\"(max-width: 300px) 100vw, 300px\" \/><\/h2>\n<h3>Madera de compresi\u00f3n<strong><br \/>\n<\/strong><\/h3>\n<p>Es madera correspondiente a \u00e1rboles que han crecido de forma inclinada. Se caracteriza por tener la madera tard\u00eda mas ancha que la madera temprana.<\/p>\n<p>Esta anomal\u00eda produce muchos problemas de deformaciones en la madera, a\u00fan seca, por lo que conviene desestimarla.<\/p>\n<h3>Madera enteada o con bolsas de resina o taninas<\/h3>\n<div id=\"attachment_943\" style=\"width: 160px\" class=\"wp-caption alignright\"><img decoding=\"async\" aria-describedby=\"caption-attachment-943\" class=\"lazyload size-full wp-image-943\" src=\"data:image\/svg+xml,%3Csvg%20xmlns%3D%27http%3A%2F%2Fwww.w3.org%2F2000%2Fsvg%27%20width%3D%27150%27%20height%3D%27230%27%20viewBox%3D%270%200%20150%20230%27%3E%3Crect%20width%3D%27150%27%20height%3D%27230%27%20fill-opacity%3D%220%22%2F%3E%3C%2Fsvg%3E\" data-orig-src=\"https:\/\/www.aeim.org\/wp-content\/uploads\/2016\/09\/bolsa-de-resina.jpg\" alt=\"Bolsa de resina\" width=\"150\" height=\"230\" \/><p id=\"caption-attachment-943\" class=\"wp-caption-text\">Bolsa de resina<\/p><\/div>\n<p>Ciertas maderas sufren de forma natural o artificial, un proceso por el cual, parte o la totalidad del duramen, o incluso la albura, se impregnan de resina, dando un aspecto y cualidad a la madera caracter\u00edstico.<\/p>\n<p>El proceso de enteamiento natural, es caracter\u00edstico de ciertas especies (denominadas generalmente como pino tea, caso del canario, amarillos del sur&#8230;), cuando el \u00e1rbol alcanza una cierta madurez.<\/p>\n<div class=\"mceTemp\"><\/div>\n<\/div><div class=\"fusion-builder-row fusion-builder-row-inner fusion-row fusion-flex-align-items-flex-start fusion-flex-content-wrap\" style=\"--awb-flex-grow:0;--awb-flex-grow-medium:0;--awb-flex-grow-small:0;--awb-flex-shrink:0;--awb-flex-shrink-medium:0;--awb-flex-shrink-small:0;width:104% !important;max-width:104% !important;margin-left: calc(-4% \/ 2 );margin-right: calc(-4% \/ 2 );\"><div class=\"fusion-layout-column fusion_builder_column_inner fusion-builder-nested-column-0 fusion_builder_column_inner_1_3 1_3 fusion-flex-column\" style=\"--awb-bg-size:cover;--awb-width-large:33.333333333333%;--awb-margin-top-large:16px;--awb-spacing-right-large:5.76%;--awb-margin-bottom-large:16px;--awb-spacing-left-large:5.76%;--awb-width-medium:33.333333333333%;--awb-order-medium:0;--awb-spacing-right-medium:5.76%;--awb-spacing-left-medium:5.76%;--awb-width-small:100%;--awb-order-small:0;--awb-spacing-right-small:1.92%;--awb-spacing-left-small:1.92%;\"><div class=\"fusion-column-wrapper fusion-column-has-shadow fusion-flex-justify-content-flex-start fusion-content-layout-column\"><div class=\"fusion-image-element awb-imageframe-style awb-imageframe-style-below awb-imageframe-style-1\" style=\"text-align:center;--awb-caption-title-font-family:var(--h2_typography-font-family);--awb-caption-title-font-weight:var(--h2_typography-font-weight);--awb-caption-title-font-style:var(--h2_typography-font-style);--awb-caption-title-size:var(--h2_typography-font-size);--awb-caption-title-transform:var(--h2_typography-text-transform);--awb-caption-title-line-height:var(--h2_typography-line-height);--awb-caption-title-letter-spacing:var(--h2_typography-letter-spacing);\"><span class=\" fusion-imageframe imageframe-none imageframe-1 hover-type-none\"><img decoding=\"async\" width=\"250\" height=\"221\" alt=\"Azulado\" src=\"https:\/\/www.aeim.org\/wp-content\/uploads\/2016\/09\/azulado.jpg\" data-orig-src=\"https:\/\/www.aeim.org\/wp-content\/uploads\/2016\/09\/azulado.jpg\" class=\"lazyload img-responsive wp-image-959\" srcset=\"data:image\/svg+xml,%3Csvg%20xmlns%3D%27http%3A%2F%2Fwww.w3.org%2F2000%2Fsvg%27%20width%3D%27250%27%20height%3D%27221%27%20viewBox%3D%270%200%20250%20221%27%3E%3Crect%20width%3D%27250%27%20height%3D%27221%27%20fill-opacity%3D%220%22%2F%3E%3C%2Fsvg%3E\" data-srcset=\"https:\/\/www.aeim.org\/wp-content\/uploads\/2016\/09\/azulado-200x177.jpg 200w, https:\/\/www.aeim.org\/wp-content\/uploads\/2016\/09\/azulado.jpg 250w\" data-sizes=\"auto\" data-orig-sizes=\"(max-width: 640px) 100vw, 250px\" \/><\/span><div class=\"awb-imageframe-caption-container\" style=\"text-align:center;\"><div class=\"awb-imageframe-caption\"><p class=\"awb-imageframe-caption-text\">Azulado<\/p><\/div><\/div><\/div><\/div><\/div><div class=\"fusion-layout-column fusion_builder_column_inner fusion-builder-nested-column-1 fusion_builder_column_inner_1_3 1_3 fusion-flex-column\" style=\"--awb-bg-size:cover;--awb-width-large:33.333333333333%;--awb-margin-top-large:16px;--awb-spacing-right-large:5.76%;--awb-margin-bottom-large:16px;--awb-spacing-left-large:5.76%;--awb-width-medium:33.333333333333%;--awb-order-medium:0;--awb-spacing-right-medium:5.76%;--awb-spacing-left-medium:5.76%;--awb-width-small:100%;--awb-order-small:0;--awb-spacing-right-small:1.92%;--awb-spacing-left-small:1.92%;\"><div class=\"fusion-column-wrapper fusion-column-has-shadow fusion-flex-justify-content-flex-start fusion-content-layout-column\"><div class=\"fusion-image-element awb-imageframe-style awb-imageframe-style-below awb-imageframe-style-2\" style=\"text-align:center;--awb-caption-title-font-family:var(--h2_typography-font-family);--awb-caption-title-font-weight:var(--h2_typography-font-weight);--awb-caption-title-font-style:var(--h2_typography-font-style);--awb-caption-title-size:var(--h2_typography-font-size);--awb-caption-title-transform:var(--h2_typography-text-transform);--awb-caption-title-line-height:var(--h2_typography-line-height);--awb-caption-title-letter-spacing:var(--h2_typography-letter-spacing);\"><span class=\" fusion-imageframe imageframe-none imageframe-2 hover-type-none\"><img decoding=\"async\" width=\"250\" height=\"221\" alt=\"Pudrici\u00f3n\" src=\"https:\/\/www.aeim.org\/wp-content\/uploads\/2016\/09\/pudricion.jpg\" data-orig-src=\"https:\/\/www.aeim.org\/wp-content\/uploads\/2016\/09\/pudricion.jpg\" class=\"lazyload img-responsive wp-image-961\" srcset=\"data:image\/svg+xml,%3Csvg%20xmlns%3D%27http%3A%2F%2Fwww.w3.org%2F2000%2Fsvg%27%20width%3D%27250%27%20height%3D%27221%27%20viewBox%3D%270%200%20250%20221%27%3E%3Crect%20width%3D%27250%27%20height%3D%27221%27%20fill-opacity%3D%220%22%2F%3E%3C%2Fsvg%3E\" data-srcset=\"https:\/\/www.aeim.org\/wp-content\/uploads\/2016\/09\/pudricion-200x177.jpg 200w, https:\/\/www.aeim.org\/wp-content\/uploads\/2016\/09\/pudricion.jpg 250w\" data-sizes=\"auto\" data-orig-sizes=\"(max-width: 640px) 100vw, 250px\" \/><\/span><div class=\"awb-imageframe-caption-container\"><div class=\"awb-imageframe-caption\"><p class=\"awb-imageframe-caption-text\">Pudrici\u00f3n<\/p><\/div><\/div><\/div><\/div><\/div><div class=\"fusion-layout-column fusion_builder_column_inner fusion-builder-nested-column-2 fusion_builder_column_inner_1_3 1_3 fusion-flex-column\" style=\"--awb-bg-size:cover;--awb-width-large:33.333333333333%;--awb-margin-top-large:16px;--awb-spacing-right-large:5.76%;--awb-margin-bottom-large:16px;--awb-spacing-left-large:5.76%;--awb-width-medium:33.333333333333%;--awb-order-medium:0;--awb-spacing-right-medium:5.76%;--awb-spacing-left-medium:5.76%;--awb-width-small:100%;--awb-order-small:0;--awb-spacing-right-small:1.92%;--awb-spacing-left-small:1.92%;\"><div class=\"fusion-column-wrapper fusion-column-has-shadow fusion-flex-justify-content-flex-start fusion-content-layout-column\"><div class=\"fusion-image-element awb-imageframe-style awb-imageframe-style-below awb-imageframe-style-3\" style=\"text-align:center;--awb-caption-title-font-family:var(--h2_typography-font-family);--awb-caption-title-font-weight:var(--h2_typography-font-weight);--awb-caption-title-font-style:var(--h2_typography-font-style);--awb-caption-title-size:var(--h2_typography-font-size);--awb-caption-title-transform:var(--h2_typography-text-transform);--awb-caption-title-line-height:var(--h2_typography-line-height);--awb-caption-title-letter-spacing:var(--h2_typography-letter-spacing);\"><span class=\" fusion-imageframe imageframe-none imageframe-3 hover-type-none\"><img decoding=\"async\" width=\"250\" height=\"221\" alt=\"Picaduras\" src=\"https:\/\/www.aeim.org\/wp-content\/uploads\/2016\/09\/picaduras.jpg\" data-orig-src=\"https:\/\/www.aeim.org\/wp-content\/uploads\/2016\/09\/picaduras.jpg\" class=\"lazyload img-responsive wp-image-960\" srcset=\"data:image\/svg+xml,%3Csvg%20xmlns%3D%27http%3A%2F%2Fwww.w3.org%2F2000%2Fsvg%27%20width%3D%27250%27%20height%3D%27221%27%20viewBox%3D%270%200%20250%20221%27%3E%3Crect%20width%3D%27250%27%20height%3D%27221%27%20fill-opacity%3D%220%22%2F%3E%3C%2Fsvg%3E\" data-srcset=\"https:\/\/www.aeim.org\/wp-content\/uploads\/2016\/09\/picaduras-200x177.jpg 200w, https:\/\/www.aeim.org\/wp-content\/uploads\/2016\/09\/picaduras.jpg 250w\" data-sizes=\"auto\" data-orig-sizes=\"(max-width: 640px) 100vw, 250px\" \/><\/span><div class=\"awb-imageframe-caption-container\"><div class=\"awb-imageframe-caption\"><p class=\"awb-imageframe-caption-text\">Picaduras<\/p><\/div><\/div><\/div><\/div><\/div><\/div><div class=\"fusion-builder-row fusion-builder-row-inner fusion-row fusion-flex-align-items-flex-start fusion-flex-content-wrap\" style=\"--awb-flex-grow:0;--awb-flex-grow-medium:0;--awb-flex-grow-small:0;--awb-flex-shrink:0;--awb-flex-shrink-medium:0;--awb-flex-shrink-small:0;width:104% !important;max-width:104% !important;margin-left: calc(-4% \/ 2 );margin-right: calc(-4% \/ 2 );\"><div class=\"fusion-layout-column fusion_builder_column_inner fusion-builder-nested-column-3 fusion_builder_column_inner_1_3 1_3 fusion-flex-column\" style=\"--awb-bg-size:cover;--awb-width-large:33.333333333333%;--awb-margin-top-large:16px;--awb-spacing-right-large:5.76%;--awb-margin-bottom-large:16px;--awb-spacing-left-large:5.76%;--awb-width-medium:33.333333333333%;--awb-order-medium:0;--awb-spacing-right-medium:5.76%;--awb-spacing-left-medium:5.76%;--awb-width-small:100%;--awb-order-small:0;--awb-spacing-right-small:1.92%;--awb-spacing-left-small:1.92%;\" data-scroll-devices=\"small-visibility,medium-visibility,large-visibility\"><div class=\"fusion-column-wrapper fusion-column-has-shadow fusion-flex-justify-content-center fusion-content-layout-column\"><div class=\"fusion-text fusion-text-2\"><h3 class=\"fusion-responsive-typography-calculated\" data-fontsize=\"48\" data-lineheight=\"53.76px\">Deformaciones<\/h3>\n<p>Las deformaciones mas frecuentes son:<\/p>\n<ul>\n<li>Curvado de cara<\/li>\n<li>Curvado de canto<\/li>\n<li>Abarquillado<\/li>\n<li>Alabeo<\/li>\n<li>Arrombado<\/li>\n<\/ul>\n<\/div><\/div><\/div><div class=\"fusion-layout-column fusion_builder_column_inner fusion-builder-nested-column-4 fusion_builder_column_inner_1_3 1_3 fusion-flex-column\" style=\"--awb-bg-size:cover;--awb-width-large:33.333333333333%;--awb-margin-top-large:16px;--awb-spacing-right-large:5.76%;--awb-margin-bottom-large:16px;--awb-spacing-left-large:5.76%;--awb-width-medium:33.333333333333%;--awb-order-medium:0;--awb-spacing-right-medium:5.76%;--awb-spacing-left-medium:5.76%;--awb-width-small:100%;--awb-order-small:0;--awb-spacing-right-small:1.92%;--awb-spacing-left-small:1.92%;\" data-scroll-devices=\"small-visibility,medium-visibility,large-visibility\"><div class=\"fusion-column-wrapper fusion-column-has-shadow fusion-flex-justify-content-space-evenly fusion-content-layout-column\"><div class=\"fusion-separator fusion-full-width-sep\" style=\"align-self: center;margin-left: auto;margin-right: auto;margin-top:20px;margin-bottom:20px;width:100%;\"><\/div><div class=\"fusion-image-element \" style=\"--awb-caption-title-font-family:var(--h2_typography-font-family);--awb-caption-title-font-weight:var(--h2_typography-font-weight);--awb-caption-title-font-style:var(--h2_typography-font-style);--awb-caption-title-size:var(--h2_typography-font-size);--awb-caption-title-transform:var(--h2_typography-text-transform);--awb-caption-title-line-height:var(--h2_typography-line-height);--awb-caption-title-letter-spacing:var(--h2_typography-letter-spacing);\"><span class=\" fusion-imageframe imageframe-none imageframe-4 hover-type-none\"><img decoding=\"async\" width=\"300\" height=\"211\" title=\"deformaciones\" src=\"https:\/\/www.aeim.org\/wp-content\/uploads\/2016\/09\/deformaciones.gif\" data-orig-src=\"https:\/\/www.aeim.org\/wp-content\/uploads\/2016\/09\/deformaciones-300x211.gif\" alt class=\"lazyload img-responsive wp-image-963\" srcset=\"data:image\/svg+xml,%3Csvg%20xmlns%3D%27http%3A%2F%2Fwww.w3.org%2F2000%2Fsvg%27%20width%3D%27400%27%20height%3D%27281%27%20viewBox%3D%270%200%20400%20281%27%3E%3Crect%20width%3D%27400%27%20height%3D%27281%27%20fill-opacity%3D%220%22%2F%3E%3C%2Fsvg%3E\" data-srcset=\"https:\/\/www.aeim.org\/wp-content\/uploads\/2016\/09\/deformaciones-200x141.gif 200w, https:\/\/www.aeim.org\/wp-content\/uploads\/2016\/09\/deformaciones-400x281.gif 400w\" data-sizes=\"auto\" data-orig-sizes=\"(max-width: 640px) 100vw, 300px\" \/><\/span><\/div><\/div><\/div><\/div><\/div><\/div><\/div><\/div>\n","protected":false},"excerpt":{"rendered":"","protected":false},"author":1,"featured_media":0,"parent":0,"menu_order":0,"comment_status":"closed","ping_status":"closed","template":"","meta":{"footnotes":""},"class_list":["post-918","page","type-page","status-publish","hentry"],"_links":{"self":[{"href":"https:\/\/www.aeim.org\/index.php\/wp-json\/wp\/v2\/pages\/918","targetHints":{"allow":["GET"]}}],"collection":[{"href":"https:\/\/www.aeim.org\/index.php\/wp-json\/wp\/v2\/pages"}],"about":[{"href":"https:\/\/www.aeim.org\/index.php\/wp-json\/wp\/v2\/types\/page"}],"author":[{"embeddable":true,"href":"https:\/\/www.aeim.org\/index.php\/wp-json\/wp\/v2\/users\/1"}],"replies":[{"embeddable":true,"href":"https:\/\/www.aeim.org\/index.php\/wp-json\/wp\/v2\/comments?post=918"}],"version-history":[{"count":40,"href":"https:\/\/www.aeim.org\/index.php\/wp-json\/wp\/v2\/pages\/918\/revisions"}],"predecessor-version":[{"id":13465,"href":"https:\/\/www.aeim.org\/index.php\/wp-json\/wp\/v2\/pages\/918\/revisions\/13465"}],"wp:attachment":[{"href":"https:\/\/www.aeim.org\/index.php\/wp-json\/wp\/v2\/media?parent=918"}],"curies":[{"name":"wp","href":"https:\/\/api.w.org\/{rel}","templated":true}]}}